{"id":3765,"date":"2021-06-09T03:29:06","date_gmt":"2021-06-09T01:29:06","guid":{"rendered":"https:\/\/www.anneliendedijn.com\/media\/"},"modified":"2023-10-24T16:02:11","modified_gmt":"2023-10-24T14:02:11","slug":"media","status":"publish","type":"page","link":"https:\/\/www.anneliendedijn.com\/nl\/media\/","title":{"rendered":"Media"},"content":{"rendered":"<p>[vc_row padding_top_multiplier=&#8221;5x&#8221; padding_bottom_multiplier=&#8221;5x&#8221;][vc_column width=&#8221;1\/3&#8243; content_width=&#8221;60&#8243; horizontal_content_position=&#8221;center&#8221;]<div class=\"eut-element eut-fancy-box eut-bg-primary-1 eut-radius-15 eut-align-center\" style=\"\">  <div class=\"eut-fancy-box-inner\">  <div class=\"eut-fancy-box-icon\">  <i class=\"fas fa-microphone-alt eut-text-white eut-medium\"><\/i>  <\/div><h3 class=\"eut-title eut-heading-color eut-h5 eut-text-white\" style=\"\">Interviews<\/h3>  <\/div><a href=\"#interviews\" class=\"eut-item-url \"><span class=\"screen-reader-text\">Interviews<\/span><\/a>  <div class=\"eut-fancy-box-bg eut-radius-15 eut-bg-primary-2\"><\/div><\/div>[\/vc_column][vc_column width=&#8221;1\/3&#8243; content_width=&#8221;60&#8243; horizontal_content_position=&#8221;center&#8221;]<div class=\"eut-element eut-fancy-box eut-bg-primary-1 eut-radius-15 eut-align-center\" style=\"\">  <div class=\"eut-fancy-box-inner\">  <div class=\"eut-fancy-box-icon\">  <i class=\"fas fa-atlas eut-text-white eut-medium\"><\/i>  <\/div><h3 class=\"eut-title eut-heading-color eut-h5 eut-text-white\" style=\"\">Opinie<\/h3>  <\/div><a href=\"#opeds\" class=\"eut-item-url \"><span class=\"screen-reader-text\">Opinie<\/span><\/a>  <div class=\"eut-fancy-box-bg eut-radius-15 eut-bg-primary-2\"><\/div><\/div>[\/vc_column][vc_column width=&#8221;1\/3&#8243; content_width=&#8221;60&#8243; horizontal_content_position=&#8221;center&#8221;]<div class=\"eut-element eut-fancy-box eut-bg-primary-1 eut-radius-15 eut-align-center\" style=\"\">  <div class=\"eut-fancy-box-inner\">  <div class=\"eut-fancy-box-icon\">  <i class=\"fas fa-chalkboard-teacher eut-text-white eut-medium\"><\/i>  <\/div><h3 class=\"eut-title eut-heading-color eut-h5 eut-text-white\" style=\"\">Publiekslezingen<\/h3>  <\/div><a href=\"#public-lectures\" class=\"eut-item-url \"><span class=\"screen-reader-text\">Publiekslezingen<\/span><\/a>  <div class=\"eut-fancy-box-bg eut-radius-15 eut-bg-primary-2\"><\/div><\/div>[\/vc_column][\/vc_row][vc_row padding_top_multiplier=&#8221;3x&#8221; padding_bottom_multiplier=&#8221;3x&#8221; rc_bg_type=&#8221;color&#8221; rc_bg_color=&#8221;#d6d6d6&#8243; section_id=&#8221;interviews&#8221;][vc_column]<h3 class=\"eut-element eut-title eut-align-center eut-h4 eut-increase-heading eut-heading-120\" style=\"\"><span>Interviews<\/span><\/h3><div class=\"eut-empty-space eut-height-1x\" style=\"\"><\/div>[vc_row_inner padding_bottom_multiplier=&#8221;&#8221;][vc_column_inner]<h3 class=\"eut-element eut-title eut-align-inherit eut-h6\" style=\"\"><span><a class=\"enhancr_card_6614805261\" href=\"https:\/\/www.uu.nl\/sites\/default\/files\/Dijn%2C%20de%20A%2C%20Vrijheid%2C%20Knack%2C%2026-01-2022.pdf\" target=\"_blank\" rel=\"nofollow noopener\"><strong>Knack: <\/strong>&#8216;De nieuwe vijanden van de democratie kapen de vrijheid.&#8217;<\/a><\/span><\/h3>[\/vc_column_inner][\/vc_row_inner][vc_row_inner padding_bottom_multiplier=&#8221;&#8221;][vc_column_inner]<h3 class=\"eut-element eut-title eut-align-inherit eut-h6\" style=\"\"><span><a class=\"enhancr_card_6614805261\" href=\"https:\/\/downtoearthmagazine.nl\/beroepen-nationale-vrijheid-is-vorm-egoisme\/\" target=\"_blank\" rel=\"nofollow noopener\"><strong>Down to Earth:<\/strong> \u201cJe beroepen op nationale vrijheid is een vorm van ego\u00efsme\u201d<\/a><\/span><\/h3>[\/vc_column_inner][\/vc_row_inner][vc_row_inner padding_bottom_multiplier=&#8221;&#8221;][vc_column_inner]<h3 class=\"eut-element eut-title eut-align-inherit eut-h6\" style=\"\"><span><a href=\"https:\/\/fd.nl\/futures\/1378752\/de-democratie-is-fragieler-dan-we-denken-lad1caqkVYr4\"><span style=\"font-weight: 400;\"><strong>Het Financieele Dagblad:<\/strong> &#8216;De democratie is fragieler dan we denken&#8217;.<\/span><\/a><\/span><\/h3>[\/vc_column_inner][\/vc_row_inner][vc_row_inner padding_bottom_multiplier=&#8221;&#8221;][vc_column_inner]<h3 class=\"eut-element eut-title eut-align-inherit eut-h6\" style=\"\"><span><a href=\"https:\/\/www.volkskrant.nl\/nieuws-achtergrond\/historicus-annelien-de-dijn-het-begrip-vrijheid-is-gekaapt-door-de-elite~bf6368cd\/\"><strong>De Volkskrant: <span style=\"font-weight: 400;\">Historicus Annelien De Dijn: \u2018Het begrip vrijheid is gekaapt door de elite\u2019. <\/span><\/strong><\/a><\/span><\/h3>[\/vc_column_inner][\/vc_row_inner][vc_row_inner padding_bottom_multiplier=&#8221;&#8221;][vc_column_inner]<h3 class=\"eut-element eut-title eut-align-inherit eut-h6\" style=\"\"><span><a href=\"https:\/\/www.standaard.be\/cnt\/dmf20210311_96634781\"><strong>De Standaard: <span style=\"font-weight: 400;\">\u2018Belgen zouden beter Engels praten met elkaar\u2019.<\/span><\/strong><\/a><\/span><\/h3>[\/vc_column_inner][\/vc_row_inner][vc_row_inner padding_bottom_multiplier=&#8221;&#8221;][vc_column_inner]<h3 class=\"eut-element eut-title eut-align-inherit eut-h6\" style=\"\"><span><a href=\"https:\/\/www.demorgen.be\/nieuws\/de-vraag-die-we-moeten-stellen-over-de-maatregelen-is-hebben-die-een-democratisch-draagvlak~b008fe21\/\"><strong><span style=\"font-weight: 400;\"><strong>De Morgen:<\/strong> Historica Annelien de Dijn vertelt waar ons vrijheidsidee vandaan komt.<\/span><\/strong><\/a><\/span><\/h3>[\/vc_column_inner][\/vc_row_inner][vc_row_inner padding_bottom_multiplier=&#8221;&#8221;][vc_column_inner]<h3 class=\"eut-element eut-title eut-align-inherit eut-h6\" style=\"\"><span><a href=\"https:\/\/www.tijd.be\/politiek-economie\/belgie\/algemeen\/dit-virus-zal-onze-samenleving-niet-veranderen\/10268226.html\"><strong><span style=\"font-weight: 400;\"><strong>De Tijd:<\/strong> \u2018Dit virus zal onze samenleving niet veranderen&#8217;.<\/span><\/strong><\/a><\/span><\/h3>[\/vc_column_inner][\/vc_row_inner][vc_row_inner padding_bottom_multiplier=&#8221;&#8221;][vc_column_inner]<h3 class=\"eut-element eut-title eut-align-inherit eut-h6\" style=\"\"><span><a href=\"https:\/\/www.nrc.nl\/nieuws\/2020\/08\/07\/conservatieven-gebruikten-vrijheid-om-de-democratie-te-beknotten-a4008146\"><strong><span style=\"font-weight: 400;\"><strong>NRC:<\/strong> \u2018Conservatieven gebruikten vrijheid om de democratie te beknotten\u2019.<\/span><\/strong><\/a><\/span><\/h3>[\/vc_column_inner][\/vc_row_inner][vc_row_inner padding_bottom_multiplier=&#8221;&#8221;][vc_column_inner]<h3 class=\"eut-element eut-title eut-align-inherit eut-h6\" style=\"\"><span><a href=\"https:\/\/stukroodvlees.nl\/aflevering-80-het-concept-vrijheid-door-de-eeuwen-heen-met-annelien-de-dijn\/\"><strong><strong>Stuk Rood Vlees: <\/strong><\/strong>Het concept \u2018vrijheid\u2019 door de eeuwen heen, met Annelien de Dijn.<\/a><\/span><\/h3>[\/vc_column_inner][\/vc_row_inner][vc_row_inner padding_bottom_multiplier=&#8221;&#8221;][vc_column_inner]<h3 class=\"eut-element eut-title eut-align-inherit eut-h6\" style=\"\"><span><a href=\"https:\/\/www.sampol.be\/2021\/02\/de-avondklok-vormt-geen-bedreiging-voor-de-vrijheid\"><strong><span style=\"font-weight: 400;\"><strong>Samenleving &amp; Politiek:<\/strong> \u2018De avondklok vormt geen bedreiging voor de vrijheid&#8217;. <\/span><\/strong><\/a><\/span><\/h3>[\/vc_column_inner][\/vc_row_inner][vc_row_inner padding_bottom_multiplier=&#8221;&#8221;][vc_column_inner]<h3 class=\"eut-element eut-title eut-align-inherit eut-h6\" style=\"\"><span><a class=\"enhancr_card_6614805261\" href=\"https:\/\/plinkhq.com\/i\/793155061\/e\/1000520368899\" target=\"_blank\" rel=\"nofollow noopener\"><strong>Radio 1 Nooit Meer Slapen:<\/strong> Annelien de Dijn (5 mei 2021) &#8211; Podcast Episode Links &#8211; Plink<\/a><\/span><\/h3>[\/vc_column_inner][\/vc_row_inner][vc_row_inner padding_bottom_multiplier=&#8221;&#8221;][vc_column_inner]<h3 class=\"eut-element eut-title eut-align-inherit eut-h6\" style=\"\"><span><a class=\"enhancr_card_6614805261\" href=\"https:\/\/radio1.be\/vrijheid-0\" target=\"_blank\" rel=\"nofollow noopener\"><strong>Interne Keuken: <\/strong> Vrijheid<\/a><\/span><\/h3>[\/vc_column_inner][\/vc_row_inner][vc_row_inner padding_bottom_multiplier=&#8221;&#8221;][vc_column_inner]<h3 class=\"eut-element eut-title eut-align-inherit eut-h6\" style=\"\"><span><a class=\"enhancr_card_6614805261\" href=\"https:\/\/klara.be\/herbeluister-pompidou-van-22-april-2021\" target=\"_blank\" rel=\"nofollow noopener\"><strong>Pompidou: <\/strong>Nicky Aerts praat met historica Annelien De Dijn, die een lijvig werk schreef over vrijheid<\/a><\/span><\/h3>[\/vc_column_inner][\/vc_row_inner][vc_row_inner padding_bottom_multiplier=&#8221;&#8221;][vc_column_inner]<h3 class=\"eut-element eut-title eut-align-inherit eut-h6\" style=\"\"><span><a class=\"enhancr_card_6614805261\" href=\"https:\/\/www.trouw.nl\/religie-filosofie\/annelien-de-dijn-de-moderne-vrijheid-is-uitgevonden-om-een-kleine-elite-te-verdedigen~ba0f49b4\/\" target=\"_blank\" rel=\"nofollow noopener\"><strong>Trouw: <\/strong>De moderne vrijheid is uitgenodigd om een kleine elite te verdedigen<\/a><\/span><\/h3>[\/vc_column_inner][\/vc_row_inner][vc_row_inner padding_bottom_multiplier=&#8221;&#8221;][vc_column_inner]<h3 class=\"eut-element eut-title eut-align-inherit eut-h6\" style=\"\"><span><a class=\"enhancr_card_6614805261\" href=\"https:\/\/www.radioviainternet.nl\/podcasts\/podcast-filosofie\/2021\/jean-jacques-rousseau\" target=\"_blank\" rel=\"nofollow noopener\"><strong>Podcast Filosofie: <\/strong>Annelien de Dijn over Jean-Jacques Rousseau.\u00a0<\/a><\/span><\/h3>[\/vc_column_inner][\/vc_row_inner][\/vc_column][\/vc_row][vc_row padding_top_multiplier=&#8221;3x&#8221; padding_bottom_multiplier=&#8221;3x&#8221; section_id=&#8221;opeds&#8221;][vc_column]<h3 class=\"eut-element eut-title eut-align-center eut-h4 eut-increase-heading eut-heading-120\" style=\"\"><span><span style=\"font-weight: 400;\">Opinie<\/span><\/span><\/h3><div class=\"eut-empty-space eut-height-1x\" style=\"\"><\/div>[vc_row_inner padding_bottom_multiplier=&#8221;&#8221;][vc_column_inner]<h3 class=\"eut-element eut-title eut-align-inherit eut-h6\" style=\"\"><span><a href=\"https:\/\/www.nrc.nl\/nieuws\/2023\/06\/09\/polarisatie-de-radicalisering-vindt-plaats-op-rechts-a4166803?t=1696333784\"><strong>NRC:<\/strong> <span style=\"font-weight: 400;\">Polarisatie? De radicalisering vindt plaats op rechts.<\/span><\/a><\/span><\/h3>[vc_column_text]<a href=\"https:\/\/www.nrc.nl\/nieuws\/2023\/06\/09\/polarisatie-de-radicalisering-vindt-plaats-op-rechts-a4166803?t=1696333784\">Polarisatie\u2019 is een frame waar vooral de VVD van profiteert, schrijft Annelien De Dijn.<\/a>[\/vc_column_text][\/vc_column_inner][\/vc_row_inner][vc_row_inner padding_bottom_multiplier=&#8221;&#8221;][vc_column_inner]<h3 class=\"eut-element eut-title eut-align-inherit eut-h6\" style=\"\"><span><a href=\"https:\/\/www.nrc.nl\/nieuws\/2022\/10\/21\/het-fascisme-is-nooit-ver-weg-a4145936\"><strong>NRC:<\/strong> <span style=\"font-weight: 400;\">Het fascisme is nooit ver weg<\/span><\/a><\/span><\/h3>[vc_column_text]<a href=\"https:\/\/www.nrc.nl\/nieuws\/2022\/10\/21\/het-fascisme-is-nooit-ver-weg-a4145936\">Ideologie Radicaal-rechts wint aan populariteit in Europa. En hoewel de verschillen met het fascisme uit het Interbellum groot zijn, moeten we toch oppassen, schrijft Annelien De Dijn.<\/a>[\/vc_column_text][\/vc_column_inner][\/vc_row_inner][vc_row_inner padding_bottom_multiplier=&#8221;&#8221;][vc_column_inner]<h3 class=\"eut-element eut-title eut-align-inherit eut-h6\" style=\"\"><span><a href=\"https:\/\/www.nrc.nl\/nieuws\/2022\/05\/10\/conservatieve-koers-van-het-hooggerechtshof-treft-vooral-de-kwetsbaren-a4123955\"><strong>NRC:<\/strong> <span style=\"font-weight: 400;\">Conservatieve koers van het Hooggerechtshof treft vooral de kwetsbaren<\/span><\/a><\/span><\/h3>[vc_column_text]<a href=\"https:\/\/www.nrc.nl\/nieuws\/2022\/05\/10\/conservatieve-koers-van-het-hooggerechtshof-treft-vooral-de-kwetsbaren-a4123955\">De conservatieve richting van het Amerikaanse Hooggerechtshof moet aandacht krijgen van Europese progressieven. Het is namelijk slecht nieuws voor kwetsbare minderheden, stelt Annelien De Dijn.<\/a>[\/vc_column_text][\/vc_column_inner][\/vc_row_inner][vc_row_inner padding_bottom_multiplier=&#8221;&#8221;][vc_column_inner]<h3 class=\"eut-element eut-title eut-align-inherit eut-h6\" style=\"\"><span><a href=\"https:\/\/www.sampol.be\/2023\/01\/the-price-of-democracy\"><strong>Samenleving &amp; Politiek:<\/strong> <span style=\"font-weight: 400;\">The Price of Democracy<\/span><\/a><\/span><\/h3>[vc_column_text]<a href=\"https:\/\/www.sampol.be\/2023\/01\/the-price-of-democracy\">Hoe de democratie te redden? Hoe een einde te maken aan de sluipende oligarchisering van onze politieke systemen?<\/a>[\/vc_column_text][\/vc_column_inner][\/vc_row_inner][vc_row_inner padding_bottom_multiplier=&#8221;&#8221;][vc_column_inner]<h3 class=\"eut-element eut-title eut-align-inherit eut-h6\" style=\"\"><span><a href=\"https:\/\/www.groene.nl\/artikel\/een-euro-een-stem\"><strong>De Groene Amsterdammer:<\/strong> <span style=\"font-weight: 400;\">De prijs van democratie. E\u00e9n euro, \u00e9\u00e9n stem.<\/span><\/a><\/span><\/h3>[vc_column_text]<a href=\"https:\/\/www.groene.nl\/artikel\/een-euro-een-stem\">In Amerika is politiek een spelletje geworden voor een handjevol miljardairs. In Europa is het zo erg nog niet, maar ook hier staat de democratie onder druk van oligarchische tendensen.<\/a>[\/vc_column_text][\/vc_column_inner][\/vc_row_inner][vc_row_inner padding_bottom_multiplier=&#8221;&#8221;][vc_column_inner]<h3 class=\"eut-element eut-title eut-align-inherit eut-h6\" style=\"\"><span><a href=\"https:\/\/www.standaard.be\/cnt\/dmf20220909_97286269\"><strong>De Standaard:<\/strong> <span style=\"font-weight: 400;\">De prijs van de democratie<\/span><\/a><\/span><\/h3>[vc_column_text]<a href=\"https:\/\/www.standaard.be\/cnt\/dmf20220909_97286269\">De kritiek op de gulle partijdotaties in Belgi\u00eb is terecht, maar onze financiering is wel een stuk democratischer dan die in de buurlanden, vindt Annelien De Dijn.<\/a>[\/vc_column_text][\/vc_column_inner][\/vc_row_inner][vc_row_inner padding_bottom_multiplier=&#8221;&#8221;][vc_column_inner]<h3 class=\"eut-element eut-title eut-align-inherit eut-h6\" style=\"\"><span><a href=\"https:\/\/www.sampol.be\/2022\/04\/radicaal-rechts-niet-anti-elitair-wel-xenofoob\"><strong>Samenleving &amp; Politiek:<\/strong> <span style=\"font-weight: 400;\">Radicaal-rechts: niet anti-elitair, wel xenofoob<\/span><\/a><\/span><\/h3>[vc_column_text]<a href=\"https:\/\/www.sampol.be\/2022\/04\/radicaal-rechts-niet-anti-elitair-wel-xenofoob\">Het succes van radicaal-rechtse partijen heeft weinig te maken met een backlash tegen de technocratisering van de politiek, maar eerder met de heropleving van een conservatief nationalisme.<\/a>[\/vc_column_text][\/vc_column_inner][\/vc_row_inner][vc_row_inner padding_bottom_multiplier=&#8221;&#8221;][vc_column_inner]<h3 class=\"eut-element eut-title eut-align-inherit eut-h6\" style=\"\"><span><a href=\"https:\/\/www.sampol.be\/2022\/02\/is-vlaanderen-op-weg-naar-een-woke-dictatuur\"><strong>Samenleving &amp; Politiek:<\/strong> <span style=\"font-weight: 400;\">Is Vlaanderen op weg naar een woke-dictatuur?<\/span><\/a><\/span><\/h3>[vc_column_text]<a href=\"https:\/\/www.sampol.be\/2022\/02\/is-vlaanderen-op-weg-naar-een-woke-dictatuur\">Door steeds te hameren op de dreiging van de woke-dictatuur probeert men een alternatieve werkelijkheid te cre\u00ebren, die haaks staat op de realiteit.<\/a>[\/vc_column_text][\/vc_column_inner][\/vc_row_inner][vc_row_inner padding_bottom_multiplier=&#8221;&#8221;][vc_column_inner]<h3 class=\"eut-element eut-title eut-align-inherit eut-h6\" style=\"\"><span><a href=\"https:\/\/www.standaard.be\/cnt\/dmf20221007_97747681\"><strong>De Standaard:<\/strong> <span style=\"font-weight: 400;\">Daar heb je het F-woord weer<\/span><\/a><\/span><\/h3>[vc_column_text]<a href=\"https:\/\/www.standaard.be\/cnt\/dmf20221007_97747681\">Zijn radicaal-rechtse politici fascisten? Misschien niet, schrijft Annelien De Dijn, maar de term helpt om onze afkeer voor hun idee\u00ebn te benadrukken.<\/a>[\/vc_column_text][\/vc_column_inner][\/vc_row_inner][vc_row_inner padding_bottom_multiplier=&#8221;&#8221;][vc_column_inner]<h3 class=\"eut-element eut-title eut-align-inherit eut-h6\" style=\"\"><span><a href=\"https:\/\/www.standaard.be\/cnt\/dmf20220701_97266612\"><strong>De Standaard:<\/strong> <span style=\"font-weight: 400;\">De Amerikaanse theocratie<\/span><\/a><\/span><\/h3>[vc_column_text]<a href=\"https:\/\/www.standaard.be\/cnt\/dmf20220701_97266612\">Aartsconservatieve krachten zijn er in de VS altijd geweest, schrijft Annelien De Dijn. Nieuw is dat ze inspiratie putten uit gevaarlijk katholiek fundamentalisme.<\/a>[\/vc_column_text][\/vc_column_inner][\/vc_row_inner][vc_row_inner padding_bottom_multiplier=&#8221;&#8221;][vc_column_inner]<h3 class=\"eut-element eut-title eut-align-inherit eut-h6\" style=\"\"><span><a href=\"https:\/\/www.standaard.be\/cnt\/dmf20221104_98264712\"><strong>De Standaard:<\/strong> <span style=\"font-weight: 400;\">Vrijheid vs. klimaatverandering<\/span><\/a><\/span><\/h3>[\/vc_column_inner][\/vc_row_inner][vc_row_inner padding_bottom_multiplier=&#8221;&#8221;][vc_column_inner]<h3 class=\"eut-element eut-title eut-align-inherit eut-h6\" style=\"\"><span><a href=\"https:\/\/www.standaard.be\/cnt\/dmf20220506_97549781\"><strong>De Standaard:<\/strong> <span style=\"font-weight: 400;\">Dwepen met een elitair clubje<\/span><\/a><\/span><\/h3>[vc_column_text]<a href=\"https:\/\/www.standaard.be\/cnt\/dmf20220506_97549781\">Zelfs in zijn meest progressieve periode was het Amerikaanse Hooggerechtshof in wezen een conservatieve, ondemocratische instelling, schrijft Annelien De Dijn.<\/a>[\/vc_column_text][\/vc_column_inner][\/vc_row_inner][vc_row_inner padding_bottom_multiplier=&#8221;&#8221;][vc_column_inner]<h3 class=\"eut-element eut-title eut-align-inherit eut-h6\" style=\"\"><span><a href=\"https:\/\/www.standaard.be\/cnt\/dmf20220325_95789121\"><strong>De Standaard:<\/strong> <span style=\"font-weight: 400;\">Redden burgerraden de democratie?<\/span><\/a><\/span><\/h3>[vc_column_text]<a href=\"https:\/\/www.standaard.be\/cnt\/dmf20220325_95789121\">Om het vertrouwen in de politiek te herstellen kunnen burgerraden helpen, zegt Annelien De Dijn, maar we moeten ook de democratische cultuur verdiepen.<\/a>[\/vc_column_text][\/vc_column_inner][\/vc_row_inner][vc_row_inner padding_bottom_multiplier=&#8221;&#8221;][vc_column_inner]<h3 class=\"eut-element eut-title eut-align-inherit eut-h6\" style=\"\"><span><a href=\"https:\/\/www.standaard.be\/cnt\/dmf20220225_97534647\"><strong>De Standaard:<\/strong> <span style=\"font-weight: 400;\">De campus als jachtterrein.<\/span><\/a><\/span><\/h3>[vc_column_text]<a href=\"https:\/\/www.standaard.be\/cnt\/dmf20220225_97534647\">De woke-beweging en de vermeende cancel culture vormen helemaal geen bedreiging voor de academische vrijheid, schrijft Annelien De Dijn. Aan de universiteiten worden vrouwen al jaren gecanceld, dat is wel een probleem.<\/a>[\/vc_column_text][\/vc_column_inner][\/vc_row_inner][vc_row_inner padding_bottom_multiplier=&#8221;&#8221;][vc_column_inner]<h3 class=\"eut-element eut-title eut-align-inherit eut-h6\" style=\"\"><span><a href=\"https:\/\/www.standaard.be\/cnt\/dmf20220114_98010985\"><strong>De Standaard:<\/strong> <span style=\"font-weight: 400;\"> De totalitaire fantasie\u00ebn van Bart De Wever. <\/span><\/a><\/span><\/h3>[vc_column_text]<a href=\"https:\/\/www.standaard.be\/cnt\/dmf20220114_98010985\">Onze individuele vrijheid is niet in gevaar, het geschiedenislesje van historicus Bart De Wever zit vol gaten, schrijft Annelien de Dijn. Zijn betoog past in een perverse strategie van (radicaal-)rechts.<\/a>[\/vc_column_text][\/vc_column_inner][\/vc_row_inner][vc_row_inner padding_bottom_multiplier=&#8221;&#8221;][vc_column_inner]<h3 class=\"eut-element eut-title eut-align-inherit eut-h6\" style=\"\"><span><a href=\"https:\/\/www.tijd.be\/opinie\/column\/wat-is-er-aan-de-hand-in-nederland\/10295762.html\"><strong>De Tijd:<\/strong> <span style=\"font-weight: 400;\">Wat is er aan de hand in Nederland? <\/span><\/a><\/span><\/h3>[vc_column_text]<a href=\"https:\/\/www.tijd.be\/opinie\/column\/wat-is-er-aan-de-hand-in-nederland\/10295762.html\">Het voortbestaan Rutte als premier van Nederland staat op het spel na een &#8216;onbenullig&#8217; leugentje over de formatie. De echte vraag is hoe het komt dat &#8216;Teflon Mark&#8217; niet eerder politiek is afgestraft.<\/a>[\/vc_column_text][\/vc_column_inner][\/vc_row_inner][vc_row_inner padding_bottom_multiplier=&#8221;&#8221;][vc_column_inner]<h3 class=\"eut-element eut-title eut-align-inherit eut-h6\" style=\"\"><span><a href=\"https:\/\/www.apache.be\/2020\/12\/18\/vrijheid-in-tijden-van-corona\/\"><strong>Apache.be:<\/strong> <span style=\"font-weight: 400;\">Vrijheid in tijden van corona.<\/span><\/a><\/span><\/h3>[vc_column_text]<a href=\"https:\/\/www.apache.be\/2020\/12\/18\/vrijheid-in-tijden-van-corona\/\">Vrijheidslievende Europeanen zouden zich minder makkelijk aan coronamaatregelen houden dan burgers in andere werelddelen. Politici als Boris Johnson schermen met een wel zeer individualistische invulling van vrijheid om het eigen falen te camoufleren. Die individualistische lezing kreeg pas aan het begin van de negentiende eeuw de bovenhand op een meer collectief begrip van vrijheid. Hoe komt dat? En waarom is het tijd om dat oudere, collectieve vrijheidsbegrip af te stoffen?<\/a>[\/vc_column_text][\/vc_column_inner][\/vc_row_inner][vc_row_inner padding_bottom_multiplier=&#8221;&#8221;][vc_column_inner]<h3 class=\"eut-element eut-title eut-align-inherit eut-h6\" style=\"\"><span><a href=\"https:\/\/www.groene.nl\/artikel\/bang-voor-de-gewone-man\"><strong>De Groene Amsterdammer:<\/strong>\u00a0De term populisme brengt ons vooral op een dwaalspoor<\/a><\/span><\/h3>[vc_column_text]<a href=\"https:\/\/www.groene.nl\/artikel\/bang-voor-de-gewone-man\">Democratie\u00ebn zijn beter bestand tegen charismatische strongmen als Orb\u00e1n, Trump en Bolsonaro dan we denken \u2013 of vrezen. Misschien moeten we meer aandacht hebben voor elites die de ontmanteling van de democratie door autoritaire leiders faciliteren.<\/a>[\/vc_column_text][\/vc_column_inner][\/vc_row_inner][vc_row_inner padding_bottom_multiplier=&#8221;&#8221;][vc_column_inner]<h3 class=\"eut-element eut-title eut-align-inherit eut-h6\" style=\"\"><span><a href=\"https:\/\/www.groene.nl\/artikel\/een-jaar-zonder-vrijheid\"><strong>De Groene Amsterdammer:<\/strong> Een jaar zonder vrijheid?<\/a><\/span><\/h3>[vc_column_text]<\/p>\n<div><a href=\"https:\/\/www.groene.nl\/artikel\/een-jaar-zonder-vrijheid\">Volgens Isaiah Berlin beperken wetten en regels altijd onze vrijheid. Volgens Jean-Jacques Rousseau maken wetten en regels juist vrij.<\/a><\/div>\n<p>[\/vc_column_text][\/vc_column_inner][\/vc_row_inner][\/vc_column][\/vc_row][vc_row padding_top_multiplier=&#8221;3x&#8221; padding_bottom_multiplier=&#8221;3x&#8221; rc_bg_type=&#8221;color&#8221; rc_bg_color=&#8221;#d6d6d6&#8243; section_id=&#8221;public-lectures&#8221;][vc_column]<h3 class=\"eut-element eut-title eut-align-center eut-h4 eut-increase-heading eut-heading-120\" style=\"\"><span><span style=\"font-weight: 400;\">Publiekslezingen<\/span><\/span><\/h3><div class=\"eut-empty-space eut-height-1x\" style=\"\"><\/div>[vc_row_inner][vc_column_inner width=&#8221;1\/2&#8243;]<div class=\"eut-element eut-video\" style=\"\"><iframe loading=\"lazy\" title=\"Trekt de minderheid in de democratie altijd aan het kortste eind?\" width=\"1080\" height=\"810\" src=\"https:\/\/www.youtube.com\/embed\/7Z5SGicwgmg?feature=oembed\" frameborder=\"0\" allow=\"accelerometer; autoplay; clipboard-write; encrypted-media; gyroscope; picture-in-picture\" allowfullscreen><\/iframe><\/div>[\/vc_column_inner][vc_column_inner width=&#8221;1\/2&#8243;]<h3 class=\"eut-element eut-title eut-align-inherit eut-h6\" style=\"\"><span><strong>Universiteit Utrecht:<\/strong> De tirannie van de meerderheid<\/span><\/h3>[vc_column_text]Trekt de minderheid in een democratie altijd aan het kortste eind? Historicus prof. Annelien de Dijn over h\u00e9t pijnpunt van de democratie.[\/vc_column_text][\/vc_column_inner][\/vc_row_inner][vc_row_inner][vc_column_inner width=&#8221;1\/2&#8243;]<div class=\"eut-element eut-video\" style=\"\"><iframe loading=\"lazy\" title=\"Wat is vrijheid? | Politiek historicus Annelien De Dijn, lezing\" width=\"1080\" height=\"608\" src=\"https:\/\/www.youtube.com\/embed\/GeefW6SZsts?feature=oembed\" frameborder=\"0\" allow=\"accelerometer; autoplay; clipboard-write; encrypted-media; gyroscope; picture-in-picture\" allowfullscreen><\/iframe><\/div>[\/vc_column_inner][vc_column_inner width=&#8221;1\/2&#8243;]<h3 class=\"eut-element eut-title eut-align-inherit eut-h6\" style=\"\"><span><strong>Radboud Universiteit:<\/strong> Wat is vrijheid?<\/span><\/h3>[vc_column_text]<\/p>\n<div dir=\"ltr\" data-setdir=\"false\">Na ruim een jaar in lockdown schreeuwt de Nederlander om vrijheid. We willen terug naar de vrijheid van v\u00f3\u00f3r corona. Maar waar willen we dan naar terug? Wat is die vrijheid? Doen wat je wilt? Jezelf kunnen zijn? Zeggen wat je wilt zonder te reflecteren op de gevolgen? Luister naar politiek historicus Annelien De Dijn over hoe ons denken over vrijheid veranderd is en over de noodzaak van een meer gemeenschappelijk vrijheidsbegrip.<\/div>\n<p>[\/vc_column_text][\/vc_column_inner][\/vc_row_inner][\/vc_column][\/vc_row]<\/p>\n","protected":false},"excerpt":{"rendered":"<p>[vc_row padding_top_multiplier=&#8221;5x&#8221; padding_bottom_multiplier=&#8221;5x&#8221;][vc_column width=&#8221;1\/3&#8243; content_width=&#8221;60&#8243; horizontal_content_position=&#8221;center&#8221;][\/vc_column][vc_column width=&#8221;1\/3&#8243; content_width=&#8221;60&#8243; horizontal_content_position=&#8221;center&#8221;][\/vc_column][vc_column width=&#8221;1\/3&#8243; content_width=&#8221;60&#8243; horizontal_content_position=&#8221;center&#8221;][\/vc_column][\/vc_row][vc_row padding_top_multiplier=&#8221;3x&#8221; padding_bottom_multiplier=&#8221;3x&#8221; rc_bg_type=&#8221;color&#8221; rc_bg_color=&#8221;#d6d6d6&#8243; section_id=&#8221;interviews&#8221;][vc_column][vc_row_inner padding_bottom_multiplier=&#8221;&#8221;][vc_column_inner][\/vc_column_inner][\/vc_row_inner][vc_row_inner padding_bottom_multiplier=&#8221;&#8221;][vc_column_inner][\/vc_column_inner][\/vc_row_inner][vc_row_inner padding_bottom_multiplier=&#8221;&#8221;][vc_column_inner][\/vc_column_inner][\/vc_row_inner][vc_row_inner padding_bottom_multiplier=&#8221;&#8221;][vc_column_inner][\/vc_column_inner][\/vc_row_inner][vc_row_inner padding_bottom_multiplier=&#8221;&#8221;][vc_column_inner][\/vc_column_inner][\/vc_row_inner][vc_row_inner padding_bottom_multiplier=&#8221;&#8221;][vc_column_inner][\/vc_column_inner][\/vc_row_inner][vc_row_inner padding_bottom_multiplier=&#8221;&#8221;][vc_column_inner][\/vc_column_inner][\/vc_row_inner][vc_row_inner padding_bottom_multiplier=&#8221;&#8221;][vc_column_inner][\/vc_column_inner][\/vc_row_inner][vc_row_inner padding_bottom_multiplier=&#8221;&#8221;][vc_column_inner][\/vc_column_inner][\/vc_row_inner][vc_row_inner padding_bottom_multiplier=&#8221;&#8221;][vc_column_inner][\/vc_column_inner][\/vc_row_inner][vc_row_inner padding_bottom_multiplier=&#8221;&#8221;][vc_column_inner][\/vc_column_inner][\/vc_row_inner][vc_row_inner padding_bottom_multiplier=&#8221;&#8221;][vc_column_inner][\/vc_column_inner][\/vc_row_inner][vc_row_inner padding_bottom_multiplier=&#8221;&#8221;][vc_column_inner][\/vc_column_inner][\/vc_row_inner][vc_row_inner padding_bottom_multiplier=&#8221;&#8221;][vc_column_inner][\/vc_column_inner][\/vc_row_inner][vc_row_inner padding_bottom_multiplier=&#8221;&#8221;][vc_column_inner][\/vc_column_inner][\/vc_row_inner][\/vc_column][\/vc_row][vc_row padding_top_multiplier=&#8221;3x&#8221; padding_bottom_multiplier=&#8221;3x&#8221; section_id=&#8221;opeds&#8221;][vc_column][vc_row_inner padding_bottom_multiplier=&#8221;&#8221;][vc_column_inner][vc_column_text]Polarisatie\u2019 is een frame waar vooral de VVD van profiteert, schrijft Annelien De Dijn.[\/vc_column_text][\/vc_column_inner][\/vc_row_inner][vc_row_inner padding_bottom_multiplier=&#8221;&#8221;][vc_column_inner][vc_column_text]Ideologie Radicaal-rechts wint aan populariteit in [&hellip;]<\/p>\n","protected":false},"author":1,"featured_media":0,"parent":0,"menu_order":0,"comment_status":"closed","ping_status":"closed","template":"","meta":{"footnotes":""},"class_list":["post-3765","page","type-page","status-publish","hentry"],"yoast_head":"<!-- This site is optimized with the Yoast SEO plugin v27.5 - https:\/\/yoast.com\/product\/yoast-seo-wordpress\/ -->\n<title>Media - Annelien de Dijn<\/title>\n<meta name=\"description\" content=\"Anneliens interviews, opinie-artikelen en publieke lezingen.\" \/>\n<meta name=\"robots\" content=\"index, follow, max-snippet:-1, max-image-preview:large, max-video-preview:-1\" \/>\n<link rel=\"canonical\" href=\"https:\/\/www.anneliendedijn.com\/nl\/media\/\" \/>\n<meta property=\"og:locale\" content=\"nl_NL\" \/>\n<meta property=\"og:type\" content=\"article\" \/>\n<meta property=\"og:title\" content=\"Media - Annelien de Dijn\" \/>\n<meta property=\"og:description\" content=\"Anneliens interviews, opinie-artikelen en publieke lezingen.\" \/>\n<meta property=\"og:url\" content=\"https:\/\/www.anneliendedijn.com\/nl\/media\/\" \/>\n<meta property=\"og:site_name\" content=\"Annelien de Dijn\" \/>\n<meta property=\"article:modified_time\" content=\"2023-10-24T14:02:11+00:00\" \/>\n<meta name=\"twitter:card\" content=\"summary_large_image\" \/>\n<meta name=\"twitter:label1\" content=\"Geschatte leestijd\" \/>\n\t<meta name=\"twitter:data1\" content=\"5 minuten\" \/>\n<script type=\"application\/ld+json\" class=\"yoast-schema-graph\">{\"@context\":\"https:\\\/\\\/schema.org\",\"@graph\":[{\"@type\":\"WebPage\",\"@id\":\"https:\\\/\\\/www.anneliendedijn.com\\\/nl\\\/media\\\/\",\"url\":\"https:\\\/\\\/www.anneliendedijn.com\\\/nl\\\/media\\\/\",\"name\":\"Media - Annelien de Dijn\",\"isPartOf\":{\"@id\":\"https:\\\/\\\/www.anneliendedijn.com\\\/#website\"},\"datePublished\":\"2021-06-09T01:29:06+00:00\",\"dateModified\":\"2023-10-24T14:02:11+00:00\",\"description\":\"Anneliens interviews, opinie-artikelen en publieke lezingen.\",\"breadcrumb\":{\"@id\":\"https:\\\/\\\/www.anneliendedijn.com\\\/nl\\\/media\\\/#breadcrumb\"},\"inLanguage\":\"nl-NL\",\"potentialAction\":[{\"@type\":\"ReadAction\",\"target\":[\"https:\\\/\\\/www.anneliendedijn.com\\\/nl\\\/media\\\/\"]}]},{\"@type\":\"BreadcrumbList\",\"@id\":\"https:\\\/\\\/www.anneliendedijn.com\\\/nl\\\/media\\\/#breadcrumb\",\"itemListElement\":[{\"@type\":\"ListItem\",\"position\":1,\"name\":\"Home\",\"item\":\"https:\\\/\\\/www.anneliendedijn.com\\\/nl\\\/\"},{\"@type\":\"ListItem\",\"position\":2,\"name\":\"Media\"}]},{\"@type\":\"WebSite\",\"@id\":\"https:\\\/\\\/www.anneliendedijn.com\\\/#website\",\"url\":\"https:\\\/\\\/www.anneliendedijn.com\\\/\",\"name\":\"Annelien de Dijn\",\"description\":\"\",\"potentialAction\":[{\"@type\":\"SearchAction\",\"target\":{\"@type\":\"EntryPoint\",\"urlTemplate\":\"https:\\\/\\\/www.anneliendedijn.com\\\/?s={search_term_string}\"},\"query-input\":{\"@type\":\"PropertyValueSpecification\",\"valueRequired\":true,\"valueName\":\"search_term_string\"}}],\"inLanguage\":\"nl-NL\"}]}<\/script>\n<!-- \/ Yoast SEO plugin. -->","yoast_head_json":{"title":"Media - Annelien de Dijn","description":"Anneliens interviews, opinie-artikelen en publieke lezingen.","robots":{"index":"index","follow":"follow","max-snippet":"max-snippet:-1","max-image-preview":"max-image-preview:large","max-video-preview":"max-video-preview:-1"},"canonical":"https:\/\/www.anneliendedijn.com\/nl\/media\/","og_locale":"nl_NL","og_type":"article","og_title":"Media - Annelien de Dijn","og_description":"Anneliens interviews, opinie-artikelen en publieke lezingen.","og_url":"https:\/\/www.anneliendedijn.com\/nl\/media\/","og_site_name":"Annelien de Dijn","article_modified_time":"2023-10-24T14:02:11+00:00","twitter_card":"summary_large_image","twitter_misc":{"Geschatte leestijd":"5 minuten"},"schema":{"@context":"https:\/\/schema.org","@graph":[{"@type":"WebPage","@id":"https:\/\/www.anneliendedijn.com\/nl\/media\/","url":"https:\/\/www.anneliendedijn.com\/nl\/media\/","name":"Media - Annelien de Dijn","isPartOf":{"@id":"https:\/\/www.anneliendedijn.com\/#website"},"datePublished":"2021-06-09T01:29:06+00:00","dateModified":"2023-10-24T14:02:11+00:00","description":"Anneliens interviews, opinie-artikelen en publieke lezingen.","breadcrumb":{"@id":"https:\/\/www.anneliendedijn.com\/nl\/media\/#breadcrumb"},"inLanguage":"nl-NL","potentialAction":[{"@type":"ReadAction","target":["https:\/\/www.anneliendedijn.com\/nl\/media\/"]}]},{"@type":"BreadcrumbList","@id":"https:\/\/www.anneliendedijn.com\/nl\/media\/#breadcrumb","itemListElement":[{"@type":"ListItem","position":1,"name":"Home","item":"https:\/\/www.anneliendedijn.com\/nl\/"},{"@type":"ListItem","position":2,"name":"Media"}]},{"@type":"WebSite","@id":"https:\/\/www.anneliendedijn.com\/#website","url":"https:\/\/www.anneliendedijn.com\/","name":"Annelien de Dijn","description":"","potentialAction":[{"@type":"SearchAction","target":{"@type":"EntryPoint","urlTemplate":"https:\/\/www.anneliendedijn.com\/?s={search_term_string}"},"query-input":{"@type":"PropertyValueSpecification","valueRequired":true,"valueName":"search_term_string"}}],"inLanguage":"nl-NL"}]}},"_links":{"self":[{"href":"https:\/\/www.anneliendedijn.com\/nl\/wp-json\/wp\/v2\/pages\/3765","targetHints":{"allow":["GET"]}}],"collection":[{"href":"https:\/\/www.anneliendedijn.com\/nl\/wp-json\/wp\/v2\/pages"}],"about":[{"href":"https:\/\/www.anneliendedijn.com\/nl\/wp-json\/wp\/v2\/types\/page"}],"author":[{"embeddable":true,"href":"https:\/\/www.anneliendedijn.com\/nl\/wp-json\/wp\/v2\/users\/1"}],"replies":[{"embeddable":true,"href":"https:\/\/www.anneliendedijn.com\/nl\/wp-json\/wp\/v2\/comments?post=3765"}],"version-history":[{"count":13,"href":"https:\/\/www.anneliendedijn.com\/nl\/wp-json\/wp\/v2\/pages\/3765\/revisions"}],"predecessor-version":[{"id":3940,"href":"https:\/\/www.anneliendedijn.com\/nl\/wp-json\/wp\/v2\/pages\/3765\/revisions\/3940"}],"wp:attachment":[{"href":"https:\/\/www.anneliendedijn.com\/nl\/wp-json\/wp\/v2\/media?parent=3765"}],"curies":[{"name":"wp","href":"https:\/\/api.w.org\/{rel}","templated":true}]}}